{"version":"1.0","provider_name":"Thierry Seguin Photographie","provider_url":"https:\/\/thierryseguin.com\/fr","author_name":"Thierry Seguin blogger","author_url":"https:\/\/thierryseguin.com\/fr\/blog\/author\/thierry-seguin-blogger\/","title":"Vacances \u00e0 Montp\u00e9zat (Alpes de Haute Provence) -","type":"rich","width":600,"height":338,"html":"<blockquote class=\"wp-embedded-content\" data-secret=\"IGkKDNefaZ\"><a href=\"https:\/\/thierryseguin.com\/fr\/blog\/2007\/08\/13\/vacances-a-montpezat-alpes-de-haute-provence\/\">Vacances \u00e0 Montp\u00e9zat (Alpes de Haute Provence)<\/a><\/blockquote><iframe sandbox=\"allow-scripts\" security=\"restricted\" src=\"https:\/\/thierryseguin.com\/fr\/blog\/2007\/08\/13\/vacances-a-montpezat-alpes-de-haute-provence\/embed\/#?secret=IGkKDNefaZ\" width=\"600\" height=\"338\" title=\"\u00ab\u00a0Vacances \u00e0 Montp\u00e9zat (Alpes de Haute Provence)\u00a0\u00bb &#8212; Thierry Seguin Photographie\" data-secret=\"IGkKDNefaZ\" frameborder=\"0\" marginwidth=\"0\" marginheight=\"0\" scrolling=\"no\" class=\"wp-embedded-content\"><\/iframe><script type=\"text\/javascript\">\n\/* <![CDATA[ *\/\n\/*! This file is auto-generated *\/\n!function(d,l){\"use strict\";l.querySelector&&d.addEventListener&&\"undefined\"!=typeof URL&&(d.wp=d.wp||{},d.wp.receiveEmbedMessage||(d.wp.receiveEmbedMessage=function(e){var t=e.data;if((t||t.secret||t.message||t.value)&&!\/[^a-zA-Z0-9]\/.test(t.secret)){for(var s,r,n,a=l.querySelectorAll('iframe[data-secret=\"'+t.secret+'\"]'),o=l.querySelectorAll('blockquote[data-secret=\"'+t.secret+'\"]'),c=new RegExp(\"^https?:$\",\"i\"),i=0;i<o.length;i++)o[i].style.display=\"none\";for(i=0;i<a.length;i++)s=a[i],e.source===s.contentWindow&&(s.removeAttribute(\"style\"),\"height\"===t.message?(1e3<(r=parseInt(t.value,10))?r=1e3:~~r<200&&(r=200),s.height=r):\"link\"===t.message&&(r=new URL(s.getAttribute(\"src\")),n=new URL(t.value),c.test(n.protocol))&&n.host===r.host&&l.activeElement===s&&(d.top.location.href=t.value))}},d.addEventListener(\"message\",d.wp.receiveEmbedMessage,!1),l.addEventListener(\"DOMContentLoaded\",function(){for(var e,t,s=l.querySelectorAll(\"iframe.wp-embedded-content\"),r=0;r<s.length;r++)(t=(e=s[r]).getAttribute(\"data-secret\"))||(t=Math.random().toString(36).substring(2,12),e.src+=\"#?secret=\"+t,e.setAttribute(\"data-secret\",t)),e.contentWindow.postMessage({message:\"ready\",secret:t},\"*\")},!1)))}(window,document);\n\/\/# sourceURL=https:\/\/thierryseguin.com\/fr\/wp-includes\/js\/wp-embed.min.js\n\/* ]]> *\/\n<\/script>\n","description":"Samedi 4\/08\/07 Ce samedi, nous sommes partis pour les 15 jours de cong\u00e9s que je me suis accord\u00e9 enfamille, en s\u00e9jour au VVF Vacances de Montp\u00e9zat, dans les Alpes de Haute-Provence. Alors que ce samedi de grands chass\u00e9s-crois\u00e9s sur la route des vacances \u00e9tait class\u00e9noir, nous avons quitt\u00e9 Viroflay \u00e0 12:10 et sommes arriv\u00e9s \u00e0 [&hellip;]","thumbnail_url":"http:\/\/bp3.blogger.com\/__MnoThhEels\/RsCHq6C29KI\/AAAAAAAAABE\/ygxyL_lbzQ4\/s400\/SEG_3557.jpg"}