{"id":340,"date":"2011-02-24T01:36:44","date_gmt":"2011-02-24T00:36:44","guid":{"rendered":"http:\/\/www.thierryseguin.com\/fr\/"},"modified":"2018-04-21T12:43:01","modified_gmt":"2018-04-21T10:43:01","slug":"me-contacter","status":"publish","type":"page","link":"https:\/\/thierryseguin.com\/fr\/me-contacter\/","title":{"rendered":"Contacter le photographe Thierry Seguin Photographie \u00e0 Viroflay"},"content":{"rendered":"<h1 style=\"text-align: left;\"><strong>Me contacter<\/strong><\/h1>\n<p style=\"text-align: left;\">Vous pouvez me\u00a0contacter par ce\u00a0<strong><a class=\"show-hidden-contact_form text-contact mi-type-special mi-showhidden mi-anchor-text last-menu-item\" href=\"https:\/\/online.lightbluesoftware.com\/client-portal\/thierryseguin\/publicforms\/48ACA8791926AB2220D883C27D878377.php\">formulaire de contact<\/a>\u00a0<\/strong>et par<strong> t\u00e9l\u00e9phone au\u00a006 08 22 17 85<\/strong>\u00a0 de 9h \u00e0 20h, sauf dimanche et jours f\u00e9ri\u00e9s.<\/p>\n<p>N&#8217;h\u00e9sitez pas \u00e0 laisser un message (je peux \u00eatre en prise de vue ou en rendez-vous), je vous rappellerai tr\u00e8s rapidement.<\/p>\n<h1>Me rencontrer<\/h1>\n<p><a href=\"https:\/\/thierryseguin.com\/fr\/reservation-en-ligne-de-rdv-identite-seances-portraits-en-studio-cours-photo-amateurs-rdv-renseignement-reportage-mariage-bapteme-sessions-de-formation-professionnelle\/\">Regardez mes disponibilit\u00e9s et<strong> prenez rendez-vous en ligne.<\/strong><\/a><\/p>\n<h1 style=\"text-align: left;\">Venir au studio<\/h1>\n<p><strong>R\u00e9ception exclusivement sur rendez-vous,\u00a0au\u00a015 rue Paul Brossard 78220 VIROFLAY<br \/>\n<\/strong><\/p>\n<h3 style=\"text-align: left;\">A pied ou en voiture<\/h3>\n<p>Le studio est \u00e0 quelques centaines de m\u00e8tre de Versailles. Suivez l&#8217;<a href=\"http:\/\/maps.google.fr\/maps?f=q&amp;hl=fr&amp;geocode=&amp;q=thierry+seguin&amp;sll=47.15984,2.988281&amp;sspn=17.280714,39.902344&amp;ie=UTF8&amp;latlng=48800023,2162804,7018771758062716892&amp;ei=lD3sR8DnBqKU2wK37IC9CQ&amp;sig2=HVsPdVU3TKAASyMoSrAJvw&amp;cd=1\">itin\u00e9raire et plan en transport personnel<\/a>.<\/p>\n<p>La rue Paul Brossard est une petite impasse r\u00e9sidentielle priv\u00e9e, avec un <strong>emplacement de stationnement gratuit qui vous est r\u00e9serv\u00e9 devant le studio<\/strong>.<br \/>\nSi vous venez en voiture, nous vous conseillons de <strong>faire d&#8217;abord demi-tour au fond de l&#8217;impasse<\/strong>, avant de stationner devant le studio. La sortie du conducteur en sera grandement facilit\u00e9e&#8230;<\/p>\n<p>Le studio est dans une maison de ville, sur la gauche, et non dans une boutique.<br \/>\nAcc\u00e8s \u00e0 la rue \u00e0 hauteur du 179 avenue du G\u00e9n\u00e9ral Leclerc, entre la place Louis XIV (limite avec Versailles) et le carrefour avec l&#8217;axe des rues Rapha\u00ebl Corby et Pierre Edouard (prolongement de la rue de L&#8217; Ecole des Postes et du boulevard de la R\u00e9publique).<\/p>\n<h3 style=\"text-align: left;\">En Transports en commun<\/h3>\n<p><a href=\"http:\/\/www.ratp.fr\/itineraires\/fr\/ratp\/quartier\/plan?address=15+Rue+Paul+Brossard%2C78220%2CViroflay\">Itin\u00e9raires et plans en transport en commun<\/a>.<br \/>\n<span style=\"text-decoration: underline;\">Arr\u00eats de bus :<\/span><br \/>\n&#8211;<wbr><\/wbr>\u00a0bus RATP 171 Pierre Edouard ou Place Louis XIV,<br \/>\n&#8211;<wbr><\/wbr>\u00a0Ph\u00e9bus lignes D et O : Edouard Branly<\/p>\n<p><span style=\"text-decoration: underline;\">Gares les plus proches : <\/span><strong><br \/>\n&#8211; Viroflay Rive Gauche : RER C<\/strong> (Versailles\u00a0Ch\u00e2teau\u00a0et Saint-Quentin + <strong>Ligne N<\/strong> (Paris Montparnasse &#8211;\u00a0Chartres, Dreux, Mantes-la-Jolie\u00a0), et <strong>TRAM T6 (Chatillon)<\/strong>,<br \/>\n<strong>&#8211;\u00a0Viroflay Rive Droite Ligne L<\/strong>\u00a0(Versailles-Rive Droite\/La D\u00e9fense \/ Gare Saint-Lazare)<\/p>\n<h1 style=\"text-align: left;\">Modes de r\u00e8glement accept\u00e9s au studio<\/h1>\n<p><strong>Ch\u00e8ques,\u00a0<\/strong><strong>Esp\u00e8ces, <\/strong><strong>Lydia, Ch\u00e8ques vacances ANCV.<\/strong><\/p>\n","protected":false},"excerpt":{"rendered":"<p>Me contacter Vous pouvez me\u00a0contacter par ce\u00a0formulaire de contact\u00a0et par t\u00e9l\u00e9phone au\u00a006 08 22 17 85\u00a0 de 9h \u00e0 20h, sauf dimanche et jours f\u00e9ri\u00e9s. N&#8217;h\u00e9sitez pas \u00e0 laisser un message (je peux \u00eatre en prise de vue ou en rendez-vous), je vous rappellerai tr\u00e8s rapidement. Me rencontrer Regardez mes disponibilit\u00e9s et prenez rendez-vous en...<\/p>\n","protected":false},"author":1,"featured_media":11087,"parent":0,"menu_order":0,"comment_status":"closed","ping_status":"closed","template":"","meta":{"pp_embeds":"","footnotes":""},"class_list":["post-340","page","type-page","status-publish","has-post-thumbnail","hentry"],"yoast_head":"<!-- This site is optimized with the Yoast SEO plugin v27.4 - https:\/\/yoast.com\/product\/yoast-seo-wordpress\/ -->\n<title>Contacter Thierry Seguin<\/title>\n<meta name=\"description\" content=\"Contacter le photographe Thierry Seguin par t\u00e9l\u00e9phone ou formulaire. R\u00e9ception sur RdV exclusivement. Stationnement privatif gratuit.\" \/>\n<meta name=\"robots\" content=\"index, follow, max-snippet:-1, max-image-preview:large, max-video-preview:-1\" \/>\n<link rel=\"canonical\" href=\"https:\/\/thierryseguin.com\/fr\/me-contacter\/\" \/>\n<meta property=\"og:locale\" content=\"fr_FR\" \/>\n<meta property=\"og:type\" content=\"article\" \/>\n<meta property=\"og:title\" content=\"Contacter Thierry Seguin\" \/>\n<meta property=\"og:description\" content=\"Contacter le photographe Thierry Seguin par t\u00e9l\u00e9phone ou formulaire. R\u00e9ception sur RdV exclusivement. Stationnement privatif gratuit.\" \/>\n<meta property=\"og:url\" content=\"https:\/\/thierryseguin.com\/fr\/me-contacter\/\" \/>\n<meta property=\"og:site_name\" content=\"Thierry Seguin Photographie\" \/>\n<meta property=\"article:publisher\" content=\"https:\/\/www.facebook.com\/ThierrySeguinPhotographie\" \/>\n<meta property=\"article:modified_time\" content=\"2018-04-21T10:43:01+00:00\" \/>\n<meta property=\"og:image\" content=\"https:\/\/thierryseguin.com\/fr\/wp-content\/uploads\/2016\/07\/Logo_ThierrySeguin_avatar.jpg\" \/>\n\t<meta property=\"og:image:width\" content=\"869\" \/>\n\t<meta property=\"og:image:height\" content=\"869\" \/>\n\t<meta property=\"og:image:type\" content=\"image\/jpeg\" \/>\n<meta name=\"twitter:card\" content=\"summary_large_image\" \/>\n<meta name=\"twitter:site\" content=\"@thierry_seguin\" \/>\n<meta name=\"twitter:label1\" content=\"Dur\u00e9e de lecture estim\u00e9e\" \/>\n\t<meta name=\"twitter:data1\" content=\"2 minutes\" \/>\n<script type=\"application\/ld+json\" class=\"yoast-schema-graph\">{\"@context\":\"https:\\\/\\\/schema.org\",\"@graph\":[{\"@type\":\"WebPage\",\"@id\":\"https:\\\/\\\/thierryseguin.com\\\/fr\\\/me-contacter\\\/\",\"url\":\"https:\\\/\\\/thierryseguin.com\\\/fr\\\/me-contacter\\\/\",\"name\":\"Contacter Thierry Seguin\",\"isPartOf\":{\"@id\":\"https:\\\/\\\/thierryseguin.com\\\/fr\\\/#website\"},\"primaryImageOfPage\":{\"@id\":\"https:\\\/\\\/thierryseguin.com\\\/fr\\\/me-contacter\\\/#primaryimage\"},\"image\":{\"@id\":\"https:\\\/\\\/thierryseguin.com\\\/fr\\\/me-contacter\\\/#primaryimage\"},\"thumbnailUrl\":\"https:\\\/\\\/thierryseguin.com\\\/fr\\\/wp-content\\\/uploads\\\/2016\\\/07\\\/Logo_ThierrySeguin_avatar.jpg\",\"datePublished\":\"2011-02-24T00:36:44+00:00\",\"dateModified\":\"2018-04-21T10:43:01+00:00\",\"description\":\"Contacter le photographe Thierry Seguin par t\u00e9l\u00e9phone ou formulaire. R\u00e9ception sur RdV exclusivement. Stationnement privatif gratuit.\",\"breadcrumb\":{\"@id\":\"https:\\\/\\\/thierryseguin.com\\\/fr\\\/me-contacter\\\/#breadcrumb\"},\"inLanguage\":\"fr-FR\",\"potentialAction\":[{\"@type\":\"ReadAction\",\"target\":[\"https:\\\/\\\/thierryseguin.com\\\/fr\\\/me-contacter\\\/\"]}]},{\"@type\":\"ImageObject\",\"inLanguage\":\"fr-FR\",\"@id\":\"https:\\\/\\\/thierryseguin.com\\\/fr\\\/me-contacter\\\/#primaryimage\",\"url\":\"https:\\\/\\\/thierryseguin.com\\\/fr\\\/wp-content\\\/uploads\\\/2016\\\/07\\\/Logo_ThierrySeguin_avatar.jpg\",\"contentUrl\":\"https:\\\/\\\/thierryseguin.com\\\/fr\\\/wp-content\\\/uploads\\\/2016\\\/07\\\/Logo_ThierrySeguin_avatar.jpg\",\"width\":869,\"height\":869,\"caption\":\"Contacter Thierry Seguin photographie\"},{\"@type\":\"BreadcrumbList\",\"@id\":\"https:\\\/\\\/thierryseguin.com\\\/fr\\\/me-contacter\\\/#breadcrumb\",\"itemListElement\":[{\"@type\":\"ListItem\",\"position\":1,\"name\":\"Accueil\",\"item\":\"https:\\\/\\\/thierryseguin.com\\\/fr\\\/\"},{\"@type\":\"ListItem\",\"position\":2,\"name\":\"Contacter le photographe Thierry Seguin Photographie \u00e0 Viroflay\"}]},{\"@type\":\"WebSite\",\"@id\":\"https:\\\/\\\/thierryseguin.com\\\/fr\\\/#website\",\"url\":\"https:\\\/\\\/thierryseguin.com\\\/fr\\\/\",\"name\":\"Thierry Seguin Photographie\",\"description\":\"Photographe de Portrait de Famille, Grossesse, B\u00e9b\u00e9s, Mariage\",\"potentialAction\":[{\"@type\":\"SearchAction\",\"target\":{\"@type\":\"EntryPoint\",\"urlTemplate\":\"https:\\\/\\\/thierryseguin.com\\\/fr\\\/?s={search_term_string}\"},\"query-input\":{\"@type\":\"PropertyValueSpecification\",\"valueRequired\":true,\"valueName\":\"search_term_string\"}}],\"inLanguage\":\"fr-FR\"}]}<\/script>\n<!-- \/ Yoast SEO plugin. -->","yoast_head_json":{"title":"Contacter Thierry Seguin","description":"Contacter le photographe Thierry Seguin par t\u00e9l\u00e9phone ou formulaire. R\u00e9ception sur RdV exclusivement. Stationnement privatif gratuit.","robots":{"index":"index","follow":"follow","max-snippet":"max-snippet:-1","max-image-preview":"max-image-preview:large","max-video-preview":"max-video-preview:-1"},"canonical":"https:\/\/thierryseguin.com\/fr\/me-contacter\/","og_locale":"fr_FR","og_type":"article","og_title":"Contacter Thierry Seguin","og_description":"Contacter le photographe Thierry Seguin par t\u00e9l\u00e9phone ou formulaire. R\u00e9ception sur RdV exclusivement. Stationnement privatif gratuit.","og_url":"https:\/\/thierryseguin.com\/fr\/me-contacter\/","og_site_name":"Thierry Seguin Photographie","article_publisher":"https:\/\/www.facebook.com\/ThierrySeguinPhotographie","article_modified_time":"2018-04-21T10:43:01+00:00","og_image":[{"width":869,"height":869,"url":"https:\/\/thierryseguin.com\/fr\/wp-content\/uploads\/2016\/07\/Logo_ThierrySeguin_avatar.jpg","type":"image\/jpeg"}],"twitter_card":"summary_large_image","twitter_site":"@thierry_seguin","twitter_misc":{"Dur\u00e9e de lecture estim\u00e9e":"2 minutes"},"schema":{"@context":"https:\/\/schema.org","@graph":[{"@type":"WebPage","@id":"https:\/\/thierryseguin.com\/fr\/me-contacter\/","url":"https:\/\/thierryseguin.com\/fr\/me-contacter\/","name":"Contacter Thierry Seguin","isPartOf":{"@id":"https:\/\/thierryseguin.com\/fr\/#website"},"primaryImageOfPage":{"@id":"https:\/\/thierryseguin.com\/fr\/me-contacter\/#primaryimage"},"image":{"@id":"https:\/\/thierryseguin.com\/fr\/me-contacter\/#primaryimage"},"thumbnailUrl":"https:\/\/thierryseguin.com\/fr\/wp-content\/uploads\/2016\/07\/Logo_ThierrySeguin_avatar.jpg","datePublished":"2011-02-24T00:36:44+00:00","dateModified":"2018-04-21T10:43:01+00:00","description":"Contacter le photographe Thierry Seguin par t\u00e9l\u00e9phone ou formulaire. R\u00e9ception sur RdV exclusivement. Stationnement privatif gratuit.","breadcrumb":{"@id":"https:\/\/thierryseguin.com\/fr\/me-contacter\/#breadcrumb"},"inLanguage":"fr-FR","potentialAction":[{"@type":"ReadAction","target":["https:\/\/thierryseguin.com\/fr\/me-contacter\/"]}]},{"@type":"ImageObject","inLanguage":"fr-FR","@id":"https:\/\/thierryseguin.com\/fr\/me-contacter\/#primaryimage","url":"https:\/\/thierryseguin.com\/fr\/wp-content\/uploads\/2016\/07\/Logo_ThierrySeguin_avatar.jpg","contentUrl":"https:\/\/thierryseguin.com\/fr\/wp-content\/uploads\/2016\/07\/Logo_ThierrySeguin_avatar.jpg","width":869,"height":869,"caption":"Contacter Thierry Seguin photographie"},{"@type":"BreadcrumbList","@id":"https:\/\/thierryseguin.com\/fr\/me-contacter\/#breadcrumb","itemListElement":[{"@type":"ListItem","position":1,"name":"Accueil","item":"https:\/\/thierryseguin.com\/fr\/"},{"@type":"ListItem","position":2,"name":"Contacter le photographe Thierry Seguin Photographie \u00e0 Viroflay"}]},{"@type":"WebSite","@id":"https:\/\/thierryseguin.com\/fr\/#website","url":"https:\/\/thierryseguin.com\/fr\/","name":"Thierry Seguin Photographie","description":"Photographe de Portrait de Famille, Grossesse, B\u00e9b\u00e9s, Mariage","potentialAction":[{"@type":"SearchAction","target":{"@type":"EntryPoint","urlTemplate":"https:\/\/thierryseguin.com\/fr\/?s={search_term_string}"},"query-input":{"@type":"PropertyValueSpecification","valueRequired":true,"valueName":"search_term_string"}}],"inLanguage":"fr-FR"}]}},"_links":{"self":[{"href":"https:\/\/thierryseguin.com\/fr\/wp-json\/wp\/v2\/pages\/340","targetHints":{"allow":["GET"]}}],"collection":[{"href":"https:\/\/thierryseguin.com\/fr\/wp-json\/wp\/v2\/pages"}],"about":[{"href":"https:\/\/thierryseguin.com\/fr\/wp-json\/wp\/v2\/types\/page"}],"author":[{"embeddable":true,"href":"https:\/\/thierryseguin.com\/fr\/wp-json\/wp\/v2\/users\/1"}],"replies":[{"embeddable":true,"href":"https:\/\/thierryseguin.com\/fr\/wp-json\/wp\/v2\/comments?post=340"}],"version-history":[{"count":25,"href":"https:\/\/thierryseguin.com\/fr\/wp-json\/wp\/v2\/pages\/340\/revisions"}],"predecessor-version":[{"id":12533,"href":"https:\/\/thierryseguin.com\/fr\/wp-json\/wp\/v2\/pages\/340\/revisions\/12533"}],"wp:featuredmedia":[{"embeddable":true,"href":"https:\/\/thierryseguin.com\/fr\/wp-json\/wp\/v2\/media\/11087"}],"wp:attachment":[{"href":"https:\/\/thierryseguin.com\/fr\/wp-json\/wp\/v2\/media?parent=340"}],"curies":[{"name":"wp","href":"https:\/\/api.w.org\/{rel}","templated":true}]}}